{"id":623,"date":"2020-07-23T09:13:10","date_gmt":"2020-07-23T08:13:10","guid":{"rendered":"https:\/\/www.goerg-werbetechnik.de\/?page_id=623"},"modified":"2025-03-18T13:38:51","modified_gmt":"2025-03-18T12:38:51","slug":"sichtschutzfolien","status":"publish","type":"page","link":"https:\/\/www.goerg-werbetechnik.de\/index.php\/sichtschutzfolien\/","title":{"rendered":"Sichtschutzfolien"},"content":{"rendered":"\t\t<div data-elementor-type=\"wp-page\" data-elementor-id=\"623\" class=\"elementor elementor-623\" data-elementor-post-type=\"page\">\n\t\t\t\t\t\t<section class=\"elementor-section elementor-top-section elementor-element elementor-element-8a78c59 elementor-section-stretched elementor-section-height-min-height elementor-section-boxed elementor-section-height-default elementor-section-items-middle\" data-id=\"8a78c59\" data-element_type=\"section\" data-settings=\"{&quot;stretch_section&quot;:&quot;section-stretched&quot;,&quot;background_background&quot;:&quot;classic&quot;}\">\n\t\t\t\t\t\t<div class=\"elementor-container elementor-column-gap-no\">\n\t\t\t\t\t<div class=\"elementor-column elementor-col-50 elementor-top-column elementor-element elementor-element-a83c1f9\" data-id=\"a83c1f9\" data-element_type=\"column\" data-settings=\"{&quot;background_background&quot;:&quot;classic&quot;}\">\n\t\t\t<div class=\"elementor-widget-wrap elementor-element-populated\">\n\t\t\t\t\t\t<div class=\"elementor-element elementor-element-3393fd9 elementor-widget elementor-widget-heading\" data-id=\"3393fd9\" data-element_type=\"widget\" data-widget_type=\"heading.default\">\n\t\t\t\t<div class=\"elementor-widget-container\">\n\t\t\t\t\t<h2 class=\"elementor-heading-title elementor-size-default\">Sichtschutz<\/h2>\t\t\t\t<\/div>\n\t\t\t\t<\/div>\n\t\t\t\t<div class=\"elementor-element elementor-element-570ba20 elementor-widget-divider--view-line elementor-widget elementor-widget-divider\" data-id=\"570ba20\" data-element_type=\"widget\" data-widget_type=\"divider.default\">\n\t\t\t\t<div class=\"elementor-widget-container\">\n\t\t\t\t\t\t\t<div class=\"elementor-divider\">\n\t\t\t<span class=\"elementor-divider-separator\">\n\t\t\t\t\t\t<\/span>\n\t\t<\/div>\n\t\t\t\t\t\t<\/div>\n\t\t\t\t<\/div>\n\t\t\t\t\t<\/div>\n\t\t<\/div>\n\t\t\t\t<div class=\"elementor-column elementor-col-50 elementor-top-column elementor-element elementor-element-031104d elementor-hidden-phone\" data-id=\"031104d\" data-element_type=\"column\">\n\t\t\t<div class=\"elementor-widget-wrap\">\n\t\t\t\t\t\t\t<\/div>\n\t\t<\/div>\n\t\t\t\t\t<\/div>\n\t\t<\/section>\n\t\t\t\t<section class=\"elementor-section elementor-top-section elementor-element elementor-element-352ce5d elementor-section-boxed elementor-section-height-default elementor-section-height-default\" data-id=\"352ce5d\" data-element_type=\"section\">\n\t\t\t\t\t\t<div class=\"elementor-container elementor-column-gap-default\">\n\t\t\t\t\t<div class=\"elementor-column elementor-col-50 elementor-top-column elementor-element elementor-element-51c8d16\" data-id=\"51c8d16\" data-element_type=\"column\">\n\t\t\t<div class=\"elementor-widget-wrap elementor-element-populated\">\n\t\t\t\t\t\t<div class=\"elementor-element elementor-element-cc75d79 elementor-widget elementor-widget-heading\" data-id=\"cc75d79\" data-element_type=\"widget\" data-widget_type=\"heading.default\">\n\t\t\t\t<div class=\"elementor-widget-container\">\n\t\t\t\t\t<h2 class=\"elementor-heading-title elementor-size-default\">Sichtschutz (Glasdekorfolien) ...<\/h2>\t\t\t\t<\/div>\n\t\t\t\t<\/div>\n\t\t\t\t<div class=\"elementor-element elementor-element-31f30a6 elementor-widget elementor-widget-text-editor\" data-id=\"31f30a6\" data-element_type=\"widget\" data-widget_type=\"text-editor.default\">\n\t\t\t\t<div class=\"elementor-widget-container\">\n\t\t\t\t\t\t\t\t\tGlasdekorfolien, umgangssprachlich auch bezeichnet als Sandstrahlfolie, Milchglasfolie oder \u00c4tzeffektfolie, ist eine lichtdurchl\u00e4ssige, blickdichte Folie in unterschiedlichsten Ausf\u00fchrungen und auch in verschiedenen Farben. Die Oberfl\u00e4che ist vergleichbar mit der Optik von ge\u00e4tztem Glas.\n<br><br>\n\nMit Glasdekorfolie lassen sich elegante Oberfl\u00e4chen mit Vereisungseffekten, der Anmutung von geschliffenen, ge\u00e4tzten oder sogar einer Raureifstruktur gestalten.\n<br><br>\n\nAu\u00dferordentlich viele Gestaltungsm\u00f6glichkeiten und Sichtschutzfunktionen sind somit auf allen ebenen Glasscheiben, Glast\u00fcren, Duschkabinen oder Ganzglasanlagen und Glastrennw\u00e4nden im gesch\u00e4ftlichen, wie im privaten Bereich, m\u00f6glich. Durch diese vielf\u00e4ltigen M\u00f6glichkeiten, die sie bietet, wurde sie f\u00fcr uns ein konstanter und sehr beliebter Teil unseres Portfolios.<br><br>Unsere Folien zeichnen sich durch eine hervorragenden Qualit\u00e4t und eine lange Lebensdauer aus. Sie erhalten eine leistungsstarke Folie, die Ihren Anforderungen und W\u00fcnschen entspricht!\t\t\t\t\t\t\t\t<\/div>\n\t\t\t\t<\/div>\n\t\t\t\t\t<\/div>\n\t\t<\/div>\n\t\t\t\t<div class=\"elementor-column elementor-col-50 elementor-top-column elementor-element elementor-element-f299490\" data-id=\"f299490\" data-element_type=\"column\">\n\t\t\t<div class=\"elementor-widget-wrap elementor-element-populated\">\n\t\t\t\t\t\t<div class=\"elementor-element elementor-element-b7b9d69 elementor-hidden-phone elementor-widget elementor-widget-spacer\" data-id=\"b7b9d69\" data-element_type=\"widget\" data-widget_type=\"spacer.default\">\n\t\t\t\t<div class=\"elementor-widget-container\">\n\t\t\t\t\t\t\t<div class=\"elementor-spacer\">\n\t\t\t<div class=\"elementor-spacer-inner\"><\/div>\n\t\t<\/div>\n\t\t\t\t\t\t<\/div>\n\t\t\t\t<\/div>\n\t\t\t\t<div class=\"elementor-element elementor-element-3d3cdee elementor-widget elementor-widget-text-editor\" data-id=\"3d3cdee\" data-element_type=\"widget\" data-widget_type=\"text-editor.default\">\n\t\t\t\t<div class=\"elementor-widget-container\">\n\t\t\t\t\t\t\t\t\tSie m\u00f6chten Sich vorab schon einmal inspirieren lassen?\nHier geht es zur Inspiration:<br><br>\n<ul>\n \t<li><a href=\"https:\/\/goerg.raumzeit.cc\/de\/glaszeit\/\">Raumzeitkonzept &#8211; Glaszeit &#8211; Sandstrahlfolie vom Profi<\/a><\/li>\n \t<li><a href=\"https:\/\/goerg.werbetechniker.cc\/de\/aufkleber\/schaufenster-und-werbeaufkleber\/\">Werbetechniker.cc &#8211; Aufkleber\/Schaufenster<\/a><\/li>\n \t<li><a href=\"https:\/\/goerg.werbetechniker.cc\/de\/aufkleber\/schaufenster-und-werbeaufkleber\/sandstrahlfolie\/75\/aufkleber-sandstrahlfolie\">Werbetechniker.cc &#8211; Werbeaufkleber\/Sandstrahlfolie<\/a><\/li>\n<\/ul><br>\nSie m\u00f6chten mehr sehen? Dann besuchen Sie uns doch mal in unserem <a href=\"https:\/\/www.goerg-werbetechnik.de\/index.php\/blog\/\">Blog<\/a>.\t\t\t\t\t\t\t\t<\/div>\n\t\t\t\t<\/div>\n\t\t\t\t<div class=\"elementor-element elementor-element-aeae023 elementor-widget elementor-widget-image\" data-id=\"aeae023\" data-element_type=\"widget\" data-widget_type=\"image.default\">\n\t\t\t\t<div class=\"elementor-widget-container\">\n\t\t\t\t\t\t\t\t\t\t\t\t\t\t\t\t<a href=\"https:\/\/goerg.werbetechniker.cc\">\n\t\t\t\t\t\t\t<img fetchpriority=\"high\" decoding=\"async\" width=\"800\" height=\"159\" src=\"https:\/\/www.goerg-werbetechnik.de\/wp-content\/uploads\/2020\/08\/Logo-Nachbau-f-Webseite-unten-820-1024x204.png\" class=\"attachment-large size-large wp-image-1376\" alt=\"\" srcset=\"https:\/\/www.goerg-werbetechnik.de\/wp-content\/uploads\/2020\/08\/Logo-Nachbau-f-Webseite-unten-820-1024x204.png 1024w, https:\/\/www.goerg-werbetechnik.de\/wp-content\/uploads\/2020\/08\/Logo-Nachbau-f-Webseite-unten-820-300x60.png 300w, https:\/\/www.goerg-werbetechnik.de\/wp-content\/uploads\/2020\/08\/Logo-Nachbau-f-Webseite-unten-820-768x153.png 768w, https:\/\/www.goerg-werbetechnik.de\/wp-content\/uploads\/2020\/08\/Logo-Nachbau-f-Webseite-unten-820.png 1482w\" sizes=\"(max-width: 800px) 100vw, 800px\" \/>\t\t\t\t\t\t\t\t<\/a>\n\t\t\t\t\t\t\t\t\t\t\t\t\t\t\t<\/div>\n\t\t\t\t<\/div>\n\t\t\t\t\t<\/div>\n\t\t<\/div>\n\t\t\t\t\t<\/div>\n\t\t<\/section>\n\t\t\t\t<section class=\"elementor-section elementor-top-section elementor-element elementor-element-cc55dbe elementor-section-boxed elementor-section-height-default elementor-section-height-default\" data-id=\"cc55dbe\" data-element_type=\"section\">\n\t\t\t\t\t\t<div class=\"elementor-container elementor-column-gap-default\">\n\t\t\t\t\t<div class=\"elementor-column elementor-col-100 elementor-top-column elementor-element elementor-element-e324a1a\" data-id=\"e324a1a\" data-element_type=\"column\">\n\t\t\t<div class=\"elementor-widget-wrap elementor-element-populated\">\n\t\t\t\t\t\t<div class=\"elementor-element elementor-element-09915f2 elementor-widget elementor-widget-gallery\" data-id=\"09915f2\" data-element_type=\"widget\" data-settings=\"{&quot;aspect_ratio&quot;:&quot;16:9&quot;,&quot;columns&quot;:5,&quot;lazyload&quot;:&quot;yes&quot;,&quot;gallery_layout&quot;:&quot;grid&quot;,&quot;columns_tablet&quot;:2,&quot;columns_mobile&quot;:1,&quot;gap&quot;:{&quot;unit&quot;:&quot;px&quot;,&quot;size&quot;:10,&quot;sizes&quot;:[]},&quot;gap_tablet&quot;:{&quot;unit&quot;:&quot;px&quot;,&quot;size&quot;:10,&quot;sizes&quot;:[]},&quot;gap_mobile&quot;:{&quot;unit&quot;:&quot;px&quot;,&quot;size&quot;:10,&quot;sizes&quot;:[]},&quot;link_to&quot;:&quot;file&quot;,&quot;overlay_background&quot;:&quot;yes&quot;,&quot;content_hover_animation&quot;:&quot;fade-in&quot;}\" data-widget_type=\"gallery.default\">\n\t\t\t\t<div class=\"elementor-widget-container\">\n\t\t\t\t\t\t\t<div class=\"elementor-gallery__container\">\n\t\t\t\t\t\t\t<a class=\"e-gallery-item elementor-gallery-item elementor-animated-content\" href=\"https:\/\/www.goerg-werbetechnik.de\/wp-content\/uploads\/2020\/08\/DSCF7461-scaled.jpg\" data-elementor-open-lightbox=\"yes\" data-elementor-lightbox-slideshow=\"09915f2\" data-elementor-lightbox-title=\"06\" data-e-action-hash=\"#elementor-action%3Aaction%3Dlightbox%26settings%3DeyJpZCI6MTEzOSwidXJsIjoiaHR0cHM6XC9cL3d3dy5nb2VyZy13ZXJiZXRlY2huaWsuZGVcL3dwLWNvbnRlbnRcL3VwbG9hZHNcLzIwMjBcLzA4XC9EU0NGNzQ2MS1zY2FsZWQuanBnIiwic2xpZGVzaG93IjoiMDk5MTVmMiJ9\">\n\t\t\t\t\t<div class=\"e-gallery-image elementor-gallery-item__image\" data-thumbnail=\"https:\/\/www.goerg-werbetechnik.de\/wp-content\/uploads\/2020\/08\/DSCF7461-768x1024.jpg\" data-width=\"768\" data-height=\"1024\" aria-label=\"\" role=\"img\" ><\/div>\n\t\t\t\t\t\t\t\t\t\t\t<div class=\"elementor-gallery-item__overlay\"><\/div>\n\t\t\t\t\t\t\t\t\t\t\t\t\t\t<\/a>\n\t\t\t\t\t\t\t<a class=\"e-gallery-item elementor-gallery-item elementor-animated-content\" href=\"https:\/\/www.goerg-werbetechnik.de\/wp-content\/uploads\/2020\/08\/sandstrahlfolie_01.jpg\" data-elementor-open-lightbox=\"yes\" data-elementor-lightbox-slideshow=\"09915f2\" data-elementor-lightbox-title=\"02\" data-e-action-hash=\"#elementor-action%3Aaction%3Dlightbox%26settings%3DeyJpZCI6MTE0MywidXJsIjoiaHR0cHM6XC9cL3d3dy5nb2VyZy13ZXJiZXRlY2huaWsuZGVcL3dwLWNvbnRlbnRcL3VwbG9hZHNcLzIwMjBcLzA4XC9zYW5kc3RyYWhsZm9saWVfMDEuanBnIiwic2xpZGVzaG93IjoiMDk5MTVmMiJ9\">\n\t\t\t\t\t<div class=\"e-gallery-image elementor-gallery-item__image\" data-thumbnail=\"https:\/\/www.goerg-werbetechnik.de\/wp-content\/uploads\/2020\/08\/sandstrahlfolie_01-768x768.jpg\" data-width=\"768\" data-height=\"768\" aria-label=\"\" role=\"img\" ><\/div>\n\t\t\t\t\t\t\t\t\t\t\t<div class=\"elementor-gallery-item__overlay\"><\/div>\n\t\t\t\t\t\t\t\t\t\t\t\t\t\t<\/a>\n\t\t\t\t\t\t\t<a class=\"e-gallery-item elementor-gallery-item elementor-animated-content\" href=\"https:\/\/www.goerg-werbetechnik.de\/wp-content\/uploads\/2020\/08\/Schaufenster_sandstrahlfolie_02.jpg\" data-elementor-open-lightbox=\"yes\" data-elementor-lightbox-slideshow=\"09915f2\" data-elementor-lightbox-title=\"01\" data-e-action-hash=\"#elementor-action%3Aaction%3Dlightbox%26settings%3DeyJpZCI6MTE0NCwidXJsIjoiaHR0cHM6XC9cL3d3dy5nb2VyZy13ZXJiZXRlY2huaWsuZGVcL3dwLWNvbnRlbnRcL3VwbG9hZHNcLzIwMjBcLzA4XC9TY2hhdWZlbnN0ZXJfc2FuZHN0cmFobGZvbGllXzAyLmpwZyIsInNsaWRlc2hvdyI6IjA5OTE1ZjIifQ%3D%3D\">\n\t\t\t\t\t<div class=\"e-gallery-image elementor-gallery-item__image\" data-thumbnail=\"https:\/\/www.goerg-werbetechnik.de\/wp-content\/uploads\/2020\/08\/Schaufenster_sandstrahlfolie_02-768x768.jpg\" data-width=\"768\" data-height=\"768\" aria-label=\"\" role=\"img\" ><\/div>\n\t\t\t\t\t\t\t\t\t\t\t<div class=\"elementor-gallery-item__overlay\"><\/div>\n\t\t\t\t\t\t\t\t\t\t\t\t\t\t<\/a>\n\t\t\t\t\t\t\t<a class=\"e-gallery-item elementor-gallery-item elementor-animated-content\" href=\"https:\/\/www.goerg-werbetechnik.de\/wp-content\/uploads\/2020\/08\/IMG_20190921_142936-scaled.jpg\" data-elementor-open-lightbox=\"yes\" data-elementor-lightbox-slideshow=\"09915f2\" data-elementor-lightbox-title=\"IMG_20190921_142936\" data-e-action-hash=\"#elementor-action%3Aaction%3Dlightbox%26settings%3DeyJpZCI6MTI3NSwidXJsIjoiaHR0cHM6XC9cL3d3dy5nb2VyZy13ZXJiZXRlY2huaWsuZGVcL3dwLWNvbnRlbnRcL3VwbG9hZHNcLzIwMjBcLzA4XC9JTUdfMjAxOTA5MjFfMTQyOTM2LXNjYWxlZC5qcGciLCJzbGlkZXNob3ciOiIwOTkxNWYyIn0%3D\">\n\t\t\t\t\t<div class=\"e-gallery-image elementor-gallery-item__image\" data-thumbnail=\"https:\/\/www.goerg-werbetechnik.de\/wp-content\/uploads\/2020\/08\/IMG_20190921_142936-768x576.jpg\" data-width=\"768\" data-height=\"576\" aria-label=\"\" role=\"img\" ><\/div>\n\t\t\t\t\t\t\t\t\t\t\t<div class=\"elementor-gallery-item__overlay\"><\/div>\n\t\t\t\t\t\t\t\t\t\t\t\t\t\t<\/a>\n\t\t\t\t\t\t\t<a class=\"e-gallery-item elementor-gallery-item elementor-animated-content\" href=\"https:\/\/www.goerg-werbetechnik.de\/wp-content\/uploads\/2020\/08\/IMG_20190312_175804-scaled.jpg\" data-elementor-open-lightbox=\"yes\" data-elementor-lightbox-slideshow=\"09915f2\" data-elementor-lightbox-title=\"dav\" data-e-action-hash=\"#elementor-action%3Aaction%3Dlightbox%26settings%3DeyJpZCI6MTI3NCwidXJsIjoiaHR0cHM6XC9cL3d3dy5nb2VyZy13ZXJiZXRlY2huaWsuZGVcL3dwLWNvbnRlbnRcL3VwbG9hZHNcLzIwMjBcLzA4XC9JTUdfMjAxOTAzMTJfMTc1ODA0LXNjYWxlZC5qcGciLCJzbGlkZXNob3ciOiIwOTkxNWYyIn0%3D\">\n\t\t\t\t\t<div class=\"e-gallery-image elementor-gallery-item__image\" data-thumbnail=\"https:\/\/www.goerg-werbetechnik.de\/wp-content\/uploads\/2020\/08\/IMG_20190312_175804-768x768.jpg\" data-width=\"768\" data-height=\"768\" aria-label=\"\" role=\"img\" ><\/div>\n\t\t\t\t\t\t\t\t\t\t\t<div class=\"elementor-gallery-item__overlay\"><\/div>\n\t\t\t\t\t\t\t\t\t\t\t\t\t\t<\/a>\n\t\t\t\t\t\t\t<a class=\"e-gallery-item elementor-gallery-item elementor-animated-content\" href=\"https:\/\/www.goerg-werbetechnik.de\/wp-content\/uploads\/2020\/08\/AdobeStock_289518117-scaled.jpeg\" data-elementor-open-lightbox=\"yes\" data-elementor-lightbox-slideshow=\"09915f2\" data-elementor-lightbox-title=\"08\" data-e-action-hash=\"#elementor-action%3Aaction%3Dlightbox%26settings%3DeyJpZCI6MTEzNywidXJsIjoiaHR0cHM6XC9cL3d3dy5nb2VyZy13ZXJiZXRlY2huaWsuZGVcL3dwLWNvbnRlbnRcL3VwbG9hZHNcLzIwMjBcLzA4XC9BZG9iZVN0b2NrXzI4OTUxODExNy1zY2FsZWQuanBlZyIsInNsaWRlc2hvdyI6IjA5OTE1ZjIifQ%3D%3D\">\n\t\t\t\t\t<div class=\"e-gallery-image elementor-gallery-item__image\" data-thumbnail=\"https:\/\/www.goerg-werbetechnik.de\/wp-content\/uploads\/2020\/08\/AdobeStock_289518117-768x512.jpeg\" data-width=\"768\" data-height=\"512\" aria-label=\"\" role=\"img\" ><\/div>\n\t\t\t\t\t\t\t\t\t\t\t<div class=\"elementor-gallery-item__overlay\"><\/div>\n\t\t\t\t\t\t\t\t\t\t\t\t\t\t<\/a>\n\t\t\t\t\t\t\t<a class=\"e-gallery-item elementor-gallery-item elementor-animated-content\" href=\"https:\/\/www.goerg-werbetechnik.de\/wp-content\/uploads\/2020\/08\/ASLAN_DFP300-1.jpg\" data-elementor-open-lightbox=\"yes\" data-elementor-lightbox-slideshow=\"09915f2\" data-elementor-lightbox-title=\"07\" data-e-action-hash=\"#elementor-action%3Aaction%3Dlightbox%26settings%3DeyJpZCI6MTEzOCwidXJsIjoiaHR0cHM6XC9cL3d3dy5nb2VyZy13ZXJiZXRlY2huaWsuZGVcL3dwLWNvbnRlbnRcL3VwbG9hZHNcLzIwMjBcLzA4XC9BU0xBTl9ERlAzMDAtMS5qcGciLCJzbGlkZXNob3ciOiIwOTkxNWYyIn0%3D\">\n\t\t\t\t\t<div class=\"e-gallery-image elementor-gallery-item__image\" data-thumbnail=\"https:\/\/www.goerg-werbetechnik.de\/wp-content\/uploads\/2020\/08\/ASLAN_DFP300-1-768x512.jpg\" data-width=\"768\" data-height=\"512\" aria-label=\"\" role=\"img\" ><\/div>\n\t\t\t\t\t\t\t\t\t\t\t<div class=\"elementor-gallery-item__overlay\"><\/div>\n\t\t\t\t\t\t\t\t\t\t\t\t\t\t<\/a>\n\t\t\t\t\t\t\t<a class=\"e-gallery-item elementor-gallery-item elementor-animated-content\" href=\"https:\/\/www.goerg-werbetechnik.de\/wp-content\/uploads\/2020\/08\/DSCF7465-scaled.jpg\" data-elementor-open-lightbox=\"yes\" data-elementor-lightbox-slideshow=\"09915f2\" data-elementor-lightbox-title=\"DSCF7465\" data-e-action-hash=\"#elementor-action%3Aaction%3Dlightbox%26settings%3DeyJpZCI6MTI3MiwidXJsIjoiaHR0cHM6XC9cL3d3dy5nb2VyZy13ZXJiZXRlY2huaWsuZGVcL3dwLWNvbnRlbnRcL3VwbG9hZHNcLzIwMjBcLzA4XC9EU0NGNzQ2NS1zY2FsZWQuanBnIiwic2xpZGVzaG93IjoiMDk5MTVmMiJ9\">\n\t\t\t\t\t<div class=\"e-gallery-image elementor-gallery-item__image\" data-thumbnail=\"https:\/\/www.goerg-werbetechnik.de\/wp-content\/uploads\/2020\/08\/DSCF7465-768x576.jpg\" data-width=\"768\" data-height=\"576\" aria-label=\"\" role=\"img\" ><\/div>\n\t\t\t\t\t\t\t\t\t\t\t<div class=\"elementor-gallery-item__overlay\"><\/div>\n\t\t\t\t\t\t\t\t\t\t\t\t\t\t<\/a>\n\t\t\t\t\t\t\t<a class=\"e-gallery-item elementor-gallery-item elementor-animated-content\" href=\"https:\/\/www.goerg-werbetechnik.de\/wp-content\/uploads\/2020\/08\/IMG_20150508_133110-scaled.jpg\" data-elementor-open-lightbox=\"yes\" data-elementor-lightbox-slideshow=\"09915f2\" data-elementor-lightbox-title=\"04\" data-e-action-hash=\"#elementor-action%3Aaction%3Dlightbox%26settings%3DeyJpZCI6MTE0MSwidXJsIjoiaHR0cHM6XC9cL3d3dy5nb2VyZy13ZXJiZXRlY2huaWsuZGVcL3dwLWNvbnRlbnRcL3VwbG9hZHNcLzIwMjBcLzA4XC9JTUdfMjAxNTA1MDhfMTMzMTEwLXNjYWxlZC5qcGciLCJzbGlkZXNob3ciOiIwOTkxNWYyIn0%3D\">\n\t\t\t\t\t<div class=\"e-gallery-image elementor-gallery-item__image\" data-thumbnail=\"https:\/\/www.goerg-werbetechnik.de\/wp-content\/uploads\/2020\/08\/IMG_20150508_133110-768x576.jpg\" data-width=\"768\" data-height=\"576\" aria-label=\"\" role=\"img\" ><\/div>\n\t\t\t\t\t\t\t\t\t\t\t<div class=\"elementor-gallery-item__overlay\"><\/div>\n\t\t\t\t\t\t\t\t\t\t\t\t\t\t<\/a>\n\t\t\t\t\t\t\t<a class=\"e-gallery-item elementor-gallery-item elementor-animated-content\" href=\"https:\/\/www.goerg-werbetechnik.de\/wp-content\/uploads\/2020\/08\/IMG_20180728_094500-scaled.jpg\" data-elementor-open-lightbox=\"yes\" data-elementor-lightbox-slideshow=\"09915f2\" data-elementor-lightbox-title=\"03\" data-e-action-hash=\"#elementor-action%3Aaction%3Dlightbox%26settings%3DeyJpZCI6MTE0MiwidXJsIjoiaHR0cHM6XC9cL3d3dy5nb2VyZy13ZXJiZXRlY2huaWsuZGVcL3dwLWNvbnRlbnRcL3VwbG9hZHNcLzIwMjBcLzA4XC9JTUdfMjAxODA3MjhfMDk0NTAwLXNjYWxlZC5qcGciLCJzbGlkZXNob3ciOiIwOTkxNWYyIn0%3D\">\n\t\t\t\t\t<div class=\"e-gallery-image elementor-gallery-item__image\" data-thumbnail=\"https:\/\/www.goerg-werbetechnik.de\/wp-content\/uploads\/2020\/08\/IMG_20180728_094500-768x1024.jpg\" data-width=\"768\" data-height=\"1024\" aria-label=\"\" role=\"img\" ><\/div>\n\t\t\t\t\t\t\t\t\t\t\t<div class=\"elementor-gallery-item__overlay\"><\/div>\n\t\t\t\t\t\t\t\t\t\t\t\t\t\t<\/a>\n\t\t\t\t\t<\/div>\n\t\t\t\t\t<\/div>\n\t\t\t\t<\/div>\n\t\t\t\t\t<\/div>\n\t\t<\/div>\n\t\t\t\t\t<\/div>\n\t\t<\/section>\n\t\t\t\t<section class=\"elementor-section elementor-inner-section elementor-element elementor-element-152ed467 elementor-section-boxed elementor-section-height-default elementor-section-height-default\" data-id=\"152ed467\" data-element_type=\"section\" data-settings=\"{&quot;shape_divider_bottom&quot;:&quot;opacity-tilt&quot;}\">\n\t\t\t\t\t<div class=\"elementor-shape elementor-shape-bottom\" data-negative=\"false\">\n\t\t\t<svg xmlns=\"http:\/\/www.w3.org\/2000\/svg\" viewBox=\"0 0 2600 131.1\" preserveAspectRatio=\"none\">\n\t<path class=\"elementor-shape-fill\" d=\"M0 0L2600 0 2600 69.1 0 0z\"\/>\n\t<path class=\"elementor-shape-fill\" style=\"opacity:0.5\" d=\"M0 0L2600 0 2600 69.1 0 69.1z\"\/>\n\t<path class=\"elementor-shape-fill\" style=\"opacity:0.25\" d=\"M2600 0L0 0 0 130.1 2600 69.1z\"\/>\n<\/svg>\t\t<\/div>\n\t\t\t\t\t<div class=\"elementor-container elementor-column-gap-default\">\n\t\t\t\t\t<div class=\"elementor-column elementor-col-33 elementor-inner-column elementor-element elementor-element-58ee5c55\" data-id=\"58ee5c55\" data-element_type=\"column\">\n\t\t\t<div class=\"elementor-widget-wrap elementor-element-populated\">\n\t\t\t\t\t\t<div class=\"elementor-element elementor-element-7876a34 elementor-view-stacked elementor-shape-square elementor-position-top elementor-mobile-position-top elementor-widget elementor-widget-icon-box\" data-id=\"7876a34\" data-element_type=\"widget\" data-widget_type=\"icon-box.default\">\n\t\t\t\t<div class=\"elementor-widget-container\">\n\t\t\t\t\t\t\t<div class=\"elementor-icon-box-wrapper\">\n\n\t\t\t\t\t\t<div class=\"elementor-icon-box-icon\">\n\t\t\t\t<span  class=\"elementor-icon\">\n\t\t\t\t<i aria-hidden=\"true\" class=\"fas fa-phone\"><\/i>\t\t\t\t<\/span>\n\t\t\t<\/div>\n\t\t\t\n\t\t\t\t\t\t<div class=\"elementor-icon-box-content\">\n\n\t\t\t\t\t\t\t\t\t<h3 class=\"elementor-icon-box-title\">\n\t\t\t\t\t\t<span  >\n\t\t\t\t\t\t\tRufnummer & Mail\t\t\t\t\t\t<\/span>\n\t\t\t\t\t<\/h3>\n\t\t\t\t\n\t\t\t\t\t\t\t\t\t<p class=\"elementor-icon-box-description\">\n\t\t\t\t\t\tTel.: <a href=\"tel:+4968819349696\">+49 6881 9349696<\/a><br>Mail: <a href=\"mailto:info@goerg-werbetechnik.de\">info@goerg-werbetechnik.de<\/a>\t\t\t\t\t<\/p>\n\t\t\t\t\n\t\t\t<\/div>\n\t\t\t\n\t\t<\/div>\n\t\t\t\t\t\t<\/div>\n\t\t\t\t<\/div>\n\t\t\t\t\t<\/div>\n\t\t<\/div>\n\t\t\t\t<div class=\"elementor-column elementor-col-33 elementor-inner-column elementor-element elementor-element-46c3a7f0\" data-id=\"46c3a7f0\" data-element_type=\"column\">\n\t\t\t<div class=\"elementor-widget-wrap elementor-element-populated\">\n\t\t\t\t\t\t<div class=\"elementor-element elementor-element-5dde8e93 elementor-view-stacked elementor-shape-square elementor-position-top elementor-mobile-position-top elementor-widget elementor-widget-icon-box\" data-id=\"5dde8e93\" data-element_type=\"widget\" data-widget_type=\"icon-box.default\">\n\t\t\t\t<div class=\"elementor-widget-container\">\n\t\t\t\t\t\t\t<div class=\"elementor-icon-box-wrapper\">\n\n\t\t\t\t\t\t<div class=\"elementor-icon-box-icon\">\n\t\t\t\t<span  class=\"elementor-icon\">\n\t\t\t\t<i aria-hidden=\"true\" class=\"far fa-comment-alt\"><\/i>\t\t\t\t<\/span>\n\t\t\t<\/div>\n\t\t\t\n\t\t\t\t\t\t<div class=\"elementor-icon-box-content\">\n\n\t\t\t\t\t\t\t\t\t<h3 class=\"elementor-icon-box-title\">\n\t\t\t\t\t\t<span  >\n\t\t\t\t\t\t\tKontaktieren Sie Uns\t\t\t\t\t\t<\/span>\n\t\t\t\t\t<\/h3>\n\t\t\t\t\n\t\t\t\t\n\t\t\t<\/div>\n\t\t\t\n\t\t<\/div>\n\t\t\t\t\t\t<\/div>\n\t\t\t\t<\/div>\n\t\t\t\t<div class=\"elementor-element elementor-element-5690a3c elementor-align-center elementor-widget elementor-widget-button\" data-id=\"5690a3c\" data-element_type=\"widget\" data-widget_type=\"button.default\">\n\t\t\t\t<div class=\"elementor-widget-container\">\n\t\t\t\t\t\t\t\t\t<div class=\"elementor-button-wrapper\">\n\t\t\t\t\t<a class=\"elementor-button elementor-button-link elementor-size-sm\" href=\"https:\/\/www.goerg-werbetechnik.de\/index.php\/kontakt\">\n\t\t\t\t\t\t<span class=\"elementor-button-content-wrapper\">\n\t\t\t\t\t\t\t\t\t<span class=\"elementor-button-text\">Jetzt Anfrage Senden!<\/span>\n\t\t\t\t\t<\/span>\n\t\t\t\t\t<\/a>\n\t\t\t\t<\/div>\n\t\t\t\t\t\t\t\t<\/div>\n\t\t\t\t<\/div>\n\t\t\t\t\t<\/div>\n\t\t<\/div>\n\t\t\t\t<div class=\"elementor-column elementor-col-33 elementor-inner-column elementor-element elementor-element-1540f12f\" data-id=\"1540f12f\" data-element_type=\"column\">\n\t\t\t<div class=\"elementor-widget-wrap elementor-element-populated\">\n\t\t\t\t\t\t<div class=\"elementor-element elementor-element-4279b64c elementor-view-stacked elementor-shape-square elementor-position-top elementor-mobile-position-top elementor-widget elementor-widget-icon-box\" data-id=\"4279b64c\" data-element_type=\"widget\" data-widget_type=\"icon-box.default\">\n\t\t\t\t<div class=\"elementor-widget-container\">\n\t\t\t\t\t\t\t<div class=\"elementor-icon-box-wrapper\">\n\n\t\t\t\t\t\t<div class=\"elementor-icon-box-icon\">\n\t\t\t\t<span  class=\"elementor-icon\">\n\t\t\t\t<i aria-hidden=\"true\" class=\"fas fa-shopping-cart\"><\/i>\t\t\t\t<\/span>\n\t\t\t<\/div>\n\t\t\t\n\t\t\t\t\t\t<div class=\"elementor-icon-box-content\">\n\n\t\t\t\t\t\t\t\t\t<h3 class=\"elementor-icon-box-title\">\n\t\t\t\t\t\t<span  >\n\t\t\t\t\t\t\tShops\t\t\t\t\t\t<\/span>\n\t\t\t\t\t<\/h3>\n\t\t\t\t\n\t\t\t\t\t\t\t\t\t<p class=\"elementor-icon-box-description\">\n\t\t\t\t\t\t<a href=\"https:\/\/goerg.raumzeit.cc\/de\/\">Raumzeit Online Shop<\/a><br><a href=\"https:\/\/goerg.werbetechniker.cc\/de\/\">Werbetechniker Online Shop<\/a><br><a href=\"https:\/\/goerg-werbetechnik.werbeartikel.co\/\">Werbeartikel Shop<\/a>\t\t\t\t\t<\/p>\n\t\t\t\t\n\t\t\t<\/div>\n\t\t\t\n\t\t<\/div>\n\t\t\t\t\t\t<\/div>\n\t\t\t\t<\/div>\n\t\t\t\t\t<\/div>\n\t\t<\/div>\n\t\t\t\t\t<\/div>\n\t\t<\/section>\n\t\t\t\t<\/div>\n\t\t","protected":false},"excerpt":{"rendered":"<p>Sichtschutz Sichtschutz (Glasdekorfolien) &#8230; Glasdekorfolien, umgangssprachlich auch bezeichnet als Sandstrahlfolie, Milchglasfolie oder \u00c4tzeffektfolie, ist eine lichtdurchl\u00e4ssige, blickdichte Folie in unterschiedlichsten Ausf\u00fchrungen und auch in verschiedenen Farben. Die Oberfl\u00e4che ist vergleichbar mit der Optik von ge\u00e4tztem Glas. Mit Glasdekorfolie lassen sich elegante Oberfl\u00e4chen mit Vereisungseffekten, der Anmutung von geschliffenen, ge\u00e4tzten oder sogar einer Raureifstruktur gestalten. Au\u00dferordentlich [&hellip;]<\/p>\n","protected":false},"author":1,"featured_media":1693,"parent":0,"menu_order":0,"comment_status":"closed","ping_status":"closed","template":"","meta":{"footnotes":""},"class_list":["post-623","page","type-page","status-publish","has-post-thumbnail","hentry"],"_links":{"self":[{"href":"https:\/\/www.goerg-werbetechnik.de\/index.php\/wp-json\/wp\/v2\/pages\/623","targetHints":{"allow":["GET"]}}],"collection":[{"href":"https:\/\/www.goerg-werbetechnik.de\/index.php\/wp-json\/wp\/v2\/pages"}],"about":[{"href":"https:\/\/www.goerg-werbetechnik.de\/index.php\/wp-json\/wp\/v2\/types\/page"}],"author":[{"embeddable":true,"href":"https:\/\/www.goerg-werbetechnik.de\/index.php\/wp-json\/wp\/v2\/users\/1"}],"replies":[{"embeddable":true,"href":"https:\/\/www.goerg-werbetechnik.de\/index.php\/wp-json\/wp\/v2\/comments?post=623"}],"version-history":[{"count":36,"href":"https:\/\/www.goerg-werbetechnik.de\/index.php\/wp-json\/wp\/v2\/pages\/623\/revisions"}],"predecessor-version":[{"id":2243,"href":"https:\/\/www.goerg-werbetechnik.de\/index.php\/wp-json\/wp\/v2\/pages\/623\/revisions\/2243"}],"wp:featuredmedia":[{"embeddable":true,"href":"https:\/\/www.goerg-werbetechnik.de\/index.php\/wp-json\/wp\/v2\/media\/1693"}],"wp:attachment":[{"href":"https:\/\/www.goerg-werbetechnik.de\/index.php\/wp-json\/wp\/v2\/media?parent=623"}],"curies":[{"name":"wp","href":"https:\/\/api.w.org\/{rel}","templated":true}]}}